{"id":4769,"date":"2018-04-24T16:31:36","date_gmt":"2018-04-24T14:31:36","guid":{"rendered":"http:\/\/golfbelgium.be\/qui-sommes-nous\/"},"modified":"2026-02-19T11:33:50","modified_gmt":"2026-02-19T10:33:50","slug":"wie-is-wie","status":"publish","type":"page","link":"https:\/\/golfbelgium.be\/nl\/wie-is-wie\/","title":{"rendered":"Wie is wie?"},"content":{"rendered":"<p>[et_pb_section fb_built=&#8221;1&#8243; _builder_version=&#8221;4.16&#8243; _module_preset=&#8221;default&#8221; background_image=&#8221;https:\/\/golfbelgium.be\/wp-content\/uploads\/2018\/07\/round1-89-min.jpg&#8221; min_height=&#8221;184px&#8221; custom_margin=&#8221;0px|0px|0px|0px|false|false&#8221; custom_padding=&#8221;0px|0px|0px|0px|false|false&#8221; custom_css_before=&#8221;content: &#8221;;||  position: absolute;||  top: 0;||  left: 0;||  right: 0;||  bottom: 0;||  background-image: linear-gradient(180deg, rgba(0, 0, 0, 0) 0%, rgba(0, 0, 0, 0.5) 100%);&#8221; custom_css_main_element=&#8221;display: flex;||align-items: center;&#8221; saved_tabs=&#8221;all&#8221; global_colors_info=&#8221;{}&#8221;][et_pb_row _builder_version=&#8221;4.16&#8243; _module_preset=&#8221;default&#8221; global_colors_info=&#8221;{}&#8221;][et_pb_column type=&#8221;4_4&#8243; _builder_version=&#8221;4.16&#8243; _module_preset=&#8221;default&#8221; global_colors_info=&#8221;{}&#8221;][et_pb_text _builder_version=&#8221;4.16&#8243; _module_preset=&#8221;default&#8221; text_font=&#8221;Barlow|700|||||||&#8221; text_text_color=&#8221;#ffffff&#8221; text_font_size=&#8221;48px&#8221; header_font=&#8221;Barlow|700|||||||&#8221; header_text_color=&#8221;#ffffff&#8221; header_font_size=&#8221;48px&#8221; text_orientation=&#8221;center&#8221; global_colors_info=&#8221;{}&#8221;]<\/p>\n<p><span>Wie is wie?<\/span><\/p>\n<p>[\/et_pb_text][\/et_pb_column][\/et_pb_row][\/et_pb_section][et_pb_section fb_built=&#8221;1&#8243; module_class=&#8221;team-who&#8221; _builder_version=&#8221;4.16&#8243; custom_padding=&#8221;50px|0px|54px|0px&#8221; global_colors_info=&#8221;{}&#8221;][et_pb_row _builder_version=&#8221;4.16&#8243; background_size=&#8221;initial&#8221; background_position=&#8221;top_left&#8221; background_repeat=&#8221;repeat&#8221; global_colors_info=&#8221;{}&#8221;][et_pb_column type=&#8221;4_4&#8243; _builder_version=&#8221;4.16&#8243; custom_padding=&#8221;|||&#8221; global_colors_info=&#8221;{}&#8221; custom_padding__hover=&#8221;|||&#8221;][et_pb_text admin_label=&#8221;Titre bord vert &#8211; conseil d&#8217;administration&#8221; _builder_version=&#8221;4.16&#8243; text_font=&#8221;Barlow|700|||||||&#8221; text_text_color=&#8221;#2b2b2b&#8221; text_font_size=&#8221;28px&#8221; header_font=&#8221;Barlow|700|||||||&#8221; header_line_height=&#8221;1.7em&#8221; header_2_font=&#8221;Barlow|600|||||||&#8221; header_2_text_align=&#8221;left&#8221; header_2_text_color=&#8221;#2b2b2b&#8221; header_2_font_size=&#8221;28px&#8221; header_2_line_height=&#8221;1.7em&#8221; header_3_font=&#8221;Source Sans Pro|600||on|||||&#8221; header_3_text_color=&#8221;#2b2b2b&#8221; header_3_line_height=&#8221;1.7em&#8221; custom_padding=&#8221;|||30px&#8221; text_font_size_tablet=&#8221;24px&#8221; text_font_size_phone=&#8221;22px&#8221; text_font_size_last_edited=&#8221;on|phone&#8221; border_color_all=&#8221;#BC2020&#8243; border_width_left=&#8221;2px&#8221; global_colors_info=&#8221;{}&#8221;]<\/p>\n<h2>Het Bestuursorgaan van de KBGF:<\/h2>\n<p>[\/et_pb_text][\/et_pb_column][\/et_pb_row][et_pb_row column_structure=&#8221;1_4,1_4,1_4,1_4&#8243; make_equal=&#8221;on&#8221; _builder_version=&#8221;4.16&#8243; background_size=&#8221;initial&#8221; background_position=&#8221;top_left&#8221; background_repeat=&#8221;repeat&#8221; locked=&#8221;off&#8221; global_colors_info=&#8221;{}&#8221;][et_pb_column type=&#8221;1_4&#8243; _builder_version=&#8221;4.16&#8243; custom_padding=&#8221;|||&#8221; global_colors_info=&#8221;{}&#8221; custom_padding__hover=&#8221;|||&#8221;][et_pb_team_member name=&#8221;voorzitter kbgf &#038; bestuurder Golf vlaanderen&#8221; position=&#8221;Dhr. Paul Van den Eynde&#8221; image_url=&#8221;https:\/\/golfbelgium.be\/wp-content\/uploads\/2025\/04\/paul-van-den-eynde.jpg&#8221; admin_label=&#8221;Personne&#8221; _builder_version=&#8221;4.16&#8243; header_font=&#8221;Barlow|700||on|||||&#8221; header_text_align=&#8221;left&#8221; header_text_color=&#8221;#BC2020&#8243; body_font=&#8221;Source Sans Pro||||||||&#8221; body_text_align=&#8221;left&#8221; body_text_color=&#8221;#727272&#8243; body_font_size=&#8221;16&#8243; text_orientation=&#8221;left&#8221; saved_tabs=&#8221;all&#8221; global_colors_info=&#8221;{}&#8221;]<\/p>\n<p><em>Royal Keerbergen Golf Club<\/em><\/p>\n<p>[\/et_pb_team_member][\/et_pb_column][et_pb_column type=&#8221;1_4&#8243; _builder_version=&#8221;4.16&#8243; custom_padding=&#8221;|||&#8221; global_colors_info=&#8221;{}&#8221; custom_padding__hover=&#8221;|||&#8221;][et_pb_team_member name=&#8221;ONDERVOORZITsTER KBGF EN VOORZITsTER GOLF VLAANDEREN&#8221; position=&#8221;Mevr. Nathalie Kadic-Nyssen&#8221; image_url=&#8221;https:\/\/golfbelgium.be\/wp-content\/uploads\/2025\/04\/nathalie-kadic-nyssen.jpg&#8221; admin_label=&#8221;Personne&#8221; _builder_version=&#8221;4.16&#8243; header_font=&#8221;Barlow|700||on|||||&#8221; header_text_align=&#8221;left&#8221; header_text_color=&#8221;#BC2020&#8243; body_font=&#8221;Source Sans Pro||||||||&#8221; body_text_align=&#8221;left&#8221; body_text_color=&#8221;#727272&#8243; body_font_size=&#8221;16&#8243; text_orientation=&#8221;left&#8221; saved_tabs=&#8221;all&#8221; global_colors_info=&#8221;{}&#8221;]<\/p>\n<p><em>Rinkven Golf Club<\/em><\/p>\n<p>[\/et_pb_team_member][\/et_pb_column][et_pb_column type=&#8221;1_4&#8243; _builder_version=&#8221;4.16&#8243; custom_padding=&#8221;|||&#8221; global_colors_info=&#8221;{}&#8221; custom_padding__hover=&#8221;|||&#8221;][et_pb_team_member name=&#8221;ONDERVOORZITsTER KBGF EN VOORZITsTER AFGOLF&#8221; position=&#8221;Mevr. Nathalie Descampe&#8221; image_url=&#8221;https:\/\/golfbelgium.be\/wp-content\/uploads\/2025\/04\/nathalie-descampe.jpg&#8221; admin_label=&#8221;Personne&#8221; _builder_version=&#8221;4.16&#8243; header_font=&#8221;Barlow|700||on|||||&#8221; header_text_align=&#8221;left&#8221; header_text_color=&#8221;#BC2020&#8243; body_font=&#8221;Source Sans Pro||||||||&#8221; body_text_align=&#8221;left&#8221; body_text_color=&#8221;#727272&#8243; body_font_size=&#8221;16&#8243; text_orientation=&#8221;left&#8221; saved_tabs=&#8221;all&#8221; locked=&#8221;off&#8221; global_colors_info=&#8221;{}&#8221;]<\/p>\n<p><em>Golf de Rigen\u00e9e<\/em><\/p>\n<p>[\/et_pb_team_member][\/et_pb_column][et_pb_column type=&#8221;1_4&#8243; _builder_version=&#8221;4.16&#8243; custom_padding=&#8221;|||&#8221; global_colors_info=&#8221;{}&#8221; custom_padding__hover=&#8221;|||&#8221;][et_pb_team_member name=&#8221;Bestuurder kbgf &#038; afgolf&#8221; position=&#8221;Mevr. Carole Ferrer-Verbruggen&#8221; image_url=&#8221;https:\/\/golfbelgium.be\/wp-content\/uploads\/2025\/04\/carole-ferrer-verbruggen.jpg&#8221; admin_label=&#8221;Personne&#8221; _builder_version=&#8221;4.16&#8243; header_font=&#8221;Barlow|700||on|||||&#8221; header_text_align=&#8221;left&#8221; header_text_color=&#8221;#BC2020&#8243; body_font=&#8221;Source Sans Pro||||||||&#8221; body_text_align=&#8221;left&#8221; body_text_color=&#8221;#727272&#8243; body_font_size=&#8221;16&#8243; text_orientation=&#8221;left&#8221; saved_tabs=&#8221;all&#8221; global_colors_info=&#8221;{}&#8221;]<\/p>\n<p><em>Royal Waterloo Golf Club<\/em><\/p>\n<p>[\/et_pb_team_member][\/et_pb_column][\/et_pb_row][et_pb_row column_structure=&#8221;1_4,1_4,1_4,1_4&#8243; make_equal=&#8221;on&#8221; _builder_version=&#8221;4.16&#8243; background_size=&#8221;initial&#8221; background_position=&#8221;top_left&#8221; background_repeat=&#8221;repeat&#8221; locked=&#8221;off&#8221; global_colors_info=&#8221;{}&#8221;][et_pb_column type=&#8221;1_4&#8243; _builder_version=&#8221;4.16&#8243; custom_padding=&#8221;|||&#8221; global_colors_info=&#8221;{}&#8221; custom_padding__hover=&#8221;|||&#8221;][et_pb_team_member name=&#8221;Bestuurder kbgf &#038; afgolf&#8221; position=&#8221;Dhr. Daniel Dufrasne&#8221; image_url=&#8221;https:\/\/golfbelgium.be\/wp-content\/uploads\/2025\/04\/daniel-dufrasne.jpg&#8221; admin_label=&#8221;Personne&#8221; _builder_version=&#8221;4.16&#8243; header_font=&#8221;Barlow|700||on|||||&#8221; header_text_align=&#8221;left&#8221; header_text_color=&#8221;#BC2020&#8243; body_font=&#8221;Source Sans Pro||||||||&#8221; body_text_align=&#8221;left&#8221; body_text_color=&#8221;#727272&#8243; body_font_size=&#8221;16&#8243; text_orientation=&#8221;left&#8221; saved_tabs=&#8221;all&#8221; global_colors_info=&#8221;{}&#8221;]<\/p>\n<p><em>Royal Golf Club du Hainaut<\/em><\/p>\n<p>[\/et_pb_team_member][\/et_pb_column][et_pb_column type=&#8221;1_4&#8243; _builder_version=&#8221;4.16&#8243; custom_padding=&#8221;|||&#8221; global_colors_info=&#8221;{}&#8221; custom_padding__hover=&#8221;|||&#8221;][et_pb_team_member name=&#8221;Bestuurder kbgf &#038; golf vlaanderen&#8221; position=&#8221;Dhr. Piet Vandenbussche&#8221; image_url=&#8221;https:\/\/golfbelgium.be\/wp-content\/uploads\/2025\/04\/piet-vandenbussche.jpg&#8221; admin_label=&#8221;Personne&#8221; _builder_version=&#8221;4.16&#8243; header_font=&#8221;Barlow|700||on|||||&#8221; header_text_align=&#8221;left&#8221; header_text_color=&#8221;#BC2020&#8243; body_font=&#8221;Source Sans Pro||||||||&#8221; body_text_align=&#8221;left&#8221; body_text_color=&#8221;#727272&#8243; body_font_size=&#8221;16&#8243; text_orientation=&#8221;left&#8221; saved_tabs=&#8221;all&#8221; global_colors_info=&#8221;{}&#8221;]<\/p>\n<p><em>Ternesse Golf &amp; Country Club<\/em><\/p>\n<p>[\/et_pb_team_member][\/et_pb_column][et_pb_column type=&#8221;1_4&#8243; _builder_version=&#8221;4.16&#8243; custom_padding=&#8221;|||&#8221; global_colors_info=&#8221;{}&#8221; custom_padding__hover=&#8221;|||&#8221;][et_pb_team_member name=&#8221;Bestuurder kbgf &#038; afgolf&#8221; position=&#8221;Dhr. Fr\u00e9d\u00e9ric Theys&#8221; image_url=&#8221;https:\/\/golfbelgium.be\/wp-content\/uploads\/2025\/04\/frederic-theys.jpg&#8221; admin_label=&#8221;Personne&#8221; _builder_version=&#8221;4.16&#8243; header_font=&#8221;Barlow|700||on|||||&#8221; header_text_align=&#8221;left&#8221; header_text_color=&#8221;#BC2020&#8243; body_font=&#8221;Source Sans Pro||||||||&#8221; body_text_align=&#8221;left&#8221; body_text_color=&#8221;#727272&#8243; body_font_size=&#8221;16&#8243; text_orientation=&#8221;left&#8221; saved_tabs=&#8221;all&#8221; global_colors_info=&#8221;{}&#8221;]<\/p>\n<p><em>Golf de la Bruy\u00e8re<\/em><\/p>\n<p>[\/et_pb_team_member][\/et_pb_column][et_pb_column type=&#8221;1_4&#8243; _builder_version=&#8221;4.16&#8243; _module_preset=&#8221;default&#8221; global_colors_info=&#8221;{}&#8221;][et_pb_team_member name=&#8221;Bestuurder kbgf &#038; golf vlaanderen&#8221; position=&#8221;Dhr. Emmanuel Rombouts&#8221; image_url=&#8221;https:\/\/golfbelgium.be\/wp-content\/uploads\/2025\/04\/emmanuel-rombouts.jpg&#8221; admin_label=&#8221;Personne&#8221; _builder_version=&#8221;4.16&#8243; header_font=&#8221;Barlow|700||on|||||&#8221; header_text_align=&#8221;left&#8221; header_text_color=&#8221;#BC2020&#8243; body_font=&#8221;Source Sans Pro||||||||&#8221; body_text_align=&#8221;left&#8221; body_text_color=&#8221;#727272&#8243; body_font_size=&#8221;16&#8243; text_orientation=&#8221;left&#8221; saved_tabs=&#8221;all&#8221; global_colors_info=&#8221;{}&#8221;]<\/p>\n<p><em>Royal Antwerp Golf Club<\/em><\/p>\n<p>[\/et_pb_team_member][\/et_pb_column][\/et_pb_row][et_pb_row _builder_version=&#8221;4.16&#8243; background_size=&#8221;initial&#8221; background_position=&#8221;top_left&#8221; background_repeat=&#8221;repeat&#8221; global_colors_info=&#8221;{}&#8221;][et_pb_column type=&#8221;4_4&#8243; _builder_version=&#8221;4.16&#8243; custom_padding=&#8221;|||&#8221; global_colors_info=&#8221;{}&#8221; custom_padding__hover=&#8221;|||&#8221;][et_pb_text admin_label=&#8221;Titre bord vert &#8211; equipe&#8221; _builder_version=&#8221;4.16&#8243; text_font=&#8221;Playfair Display|700|||||||&#8221; text_text_color=&#8221;#2b2b2b&#8221; text_font_size=&#8221;28px&#8221; header_font=&#8221;Barlow||||||||&#8221; header_line_height=&#8221;1.7em&#8221; header_2_font=&#8221;Barlow|600|||||||&#8221; header_2_text_align=&#8221;left&#8221; header_2_text_color=&#8221;#2b2b2b&#8221; header_2_font_size=&#8221;28px&#8221; header_2_line_height=&#8221;1.7em&#8221; header_3_font=&#8221;Source Sans Pro|600||on|||||&#8221; header_3_text_color=&#8221;#2b2b2b&#8221; header_3_line_height=&#8221;1.7em&#8221; custom_padding=&#8221;|||30px&#8221; text_font_size_tablet=&#8221;24px&#8221; text_font_size_phone=&#8221;22px&#8221; text_font_size_last_edited=&#8221;on|phone&#8221; border_color_all=&#8221;#BC2020&#8243; border_width_left=&#8221;2px&#8221; global_colors_info=&#8221;{}&#8221;]<\/p>\n<h2>Het KBGF Team:<\/h2>\n<p>[\/et_pb_text][\/et_pb_column][\/et_pb_row][et_pb_row column_structure=&#8221;1_4,1_4,1_4,1_4&#8243; make_equal=&#8221;on&#8221; _builder_version=&#8221;4.16&#8243; background_size=&#8221;initial&#8221; background_position=&#8221;top_left&#8221; background_repeat=&#8221;repeat&#8221; global_colors_info=&#8221;{}&#8221;][et_pb_column type=&#8221;1_4&#8243; _builder_version=&#8221;4.16&#8243; custom_padding=&#8221;|||&#8221; global_colors_info=&#8221;{}&#8221; custom_padding__hover=&#8221;|||&#8221;][et_pb_team_member name=&#8221;Secretaris-Generaal &#038; Belgian Team Manager&#8221; position=&#8221;Mevr. Fanny Cnops&#8221; image_url=&#8221;https:\/\/golfbelgium.be\/wp-content\/uploads\/2025\/04\/fanny-cnops.jpg&#8221; _builder_version=&#8221;4.16&#8243; header_font=&#8221;Source Sans Pro|700||on|||||&#8221; header_text_align=&#8221;left&#8221; header_text_color=&#8221;#BC2020&#8243; body_font=&#8221;Source Sans Pro||||||||&#8221; body_text_align=&#8221;left&#8221; body_text_color=&#8221;#727272&#8243; body_font_size=&#8221;16&#8243; text_orientation=&#8221;left&#8221; global_colors_info=&#8221;{}&#8221;]<\/p>\n<p><a title=\"Mail Johan Verbiest\" href=\"mailto:f.cnops@golfbelgium.be\">f.cnops@golfbelgium.be<\/a><\/p>\n<p>[\/et_pb_team_member][\/et_pb_column][et_pb_column type=&#8221;1_4&#8243; _builder_version=&#8221;4.16&#8243; custom_padding=&#8221;|||&#8221; global_colors_info=&#8221;{}&#8221; custom_padding__hover=&#8221;|||&#8221;][et_pb_team_member name=&#8221;SPORT &#038; TECHNISCHE DIRECTEUR&#8221; position=&#8221;Dhr. Johan Verbiest&#8221; image_url=&#8221;https:\/\/golfbelgium.be\/wp-content\/uploads\/2025\/04\/johan-verbiest-1.jpg&#8221; _builder_version=&#8221;4.16&#8243; header_font=&#8221;Source Sans Pro|700||on|||||&#8221; header_text_align=&#8221;left&#8221; header_text_color=&#8221;#BC2020&#8243; body_font=&#8221;Source Sans Pro||||||||&#8221; body_text_align=&#8221;left&#8221; body_text_color=&#8221;#727272&#8243; body_font_size=&#8221;16&#8243; text_orientation=&#8221;left&#8221; global_colors_info=&#8221;{}&#8221;]<\/p>\n<p><em>Verantwoordelijk voor federale wedstrijden, USGA Course Rating, Golfregels, FedDB en Handicapping<\/em><\/p>\n<p><a href=\"mailto:j.verbiest@golfbelgium.be\">j.verbiest@golfbelgium.be<\/a><\/p>\n<p>[\/et_pb_team_member][\/et_pb_column][et_pb_column type=&#8221;1_4&#8243; _builder_version=&#8221;4.16&#8243; custom_padding=&#8221;|||&#8221; global_colors_info=&#8221;{}&#8221; custom_padding__hover=&#8221;|||&#8221;][et_pb_team_member name=&#8221;Sport Secretaris &#8221; position=&#8221;Dhr. Fr\u00e9d\u00e9ric Chapel&#8221; image_url=&#8221;https:\/\/golfbelgium.be\/wp-content\/uploads\/2021\/06\/frederic-chapel.jpg&#8221; _builder_version=&#8221;4.16&#8243; header_font=&#8221;Source Sans Pro|700||on|||||&#8221; header_text_align=&#8221;left&#8221; header_text_color=&#8221;#BC2020&#8243; body_font=&#8221;Source Sans Pro||||||||&#8221; body_text_align=&#8221;left&#8221; body_text_color=&#8221;#727272&#8243; body_font_size=&#8221;16&#8243; text_orientation=&#8221;left&#8221; global_colors_info=&#8221;{}&#8221;]<\/p>\n<p><em>Verantwoordelijk voor federale wedstrijden, Interclubs &amp; Golfregels.<\/em><\/p>\n<p><a href=\"mailto:f.chapel@golfbelgium.be\">f.chapel@golfbelgium.be<\/a><\/p>\n<p>[\/et_pb_team_member][\/et_pb_column][et_pb_column type=&#8221;1_4&#8243; _builder_version=&#8221;4.16&#8243; custom_padding=&#8221;|||&#8221; global_colors_info=&#8221;{}&#8221; custom_padding__hover=&#8221;|||&#8221;][et_pb_team_member name=&#8221;administratie en financi\u00ebn&#8221; position=&#8221;Dhr. Fran\u00e7ois-Xavier Verkaeren&#8221; image_url=&#8221;https:\/\/golfbelgium.be\/wp-content\/uploads\/2025\/04\/francois-xaver-verkaeren.jpg&#8221; _builder_version=&#8221;4.16&#8243; header_font=&#8221;Source Sans Pro|700||on|||||&#8221; header_text_align=&#8221;left&#8221; header_text_color=&#8221;#BC2020&#8243; body_font=&#8221;Source Sans Pro||||||||&#8221; body_text_align=&#8221;left&#8221; body_text_color=&#8221;#727272&#8243; body_font_size=&#8221;16&#8243; text_orientation=&#8221;left&#8221; global_colors_info=&#8221;{}&#8221;]<\/p>\n<p><em>Verantwoordelijk voor federatiekaarten, boekhouding.<\/em><\/p>\n<p><a href=\"mailto:fx@golfbelgium.be\">fx@golfbelgium.be<\/a><\/p>\n<p>[\/et_pb_team_member][\/et_pb_column][\/et_pb_row][et_pb_row column_structure=&#8221;1_4,1_4,1_4,1_4&#8243; make_equal=&#8221;on&#8221; _builder_version=&#8221;4.16&#8243; background_size=&#8221;initial&#8221; background_position=&#8221;top_left&#8221; background_repeat=&#8221;repeat&#8221; global_colors_info=&#8221;{}&#8221;][et_pb_column type=&#8221;1_4&#8243; _builder_version=&#8221;4.16&#8243; custom_padding=&#8221;|||&#8221; global_colors_info=&#8221;{}&#8221; custom_padding__hover=&#8221;|||&#8221;][et_pb_team_member name=&#8221;Belgian Team Assistente &#038; communicatie manager&#8221; position=&#8221;Mevr. Madlyn Kraft de la Saulx&#8221; image_url=&#8221;https:\/\/golfbelgium.be\/wp-content\/uploads\/2025\/04\/madlyn-kraft-de-la-saulx.jpg&#8221; _builder_version=&#8221;4.16&#8243; header_font=&#8221;Source Sans Pro|700||on|||||&#8221; header_text_align=&#8221;left&#8221; header_text_color=&#8221;#BC2020&#8243; body_font=&#8221;Source Sans Pro||||||||&#8221; body_text_align=&#8221;left&#8221; body_text_color=&#8221;#727272&#8243; body_font_size=&#8221;16&#8243; text_orientation=&#8221;left&#8221; locked=&#8221;off&#8221; global_colors_info=&#8221;{}&#8221;]<\/p>\n<p><em>Verantwoordelijk voor de organisatie van trainingen, reizen en uniformen van het Belgian Team, en de communicatie.<\/em><br \/><a title=\"Mail Fran\u00e7ois Bonnelance\" href=\"mailto:m.kraft@golfbelgium.be\" target=\"_blank\" rel=\"noopener noreferrer\">m.kraft@golfbelgium.be<\/a><\/p>\n<p>[\/et_pb_team_member][\/et_pb_column][et_pb_column type=&#8221;1_4&#8243; _builder_version=&#8221;4.16&#8243; custom_padding=&#8221;|||&#8221; global_colors_info=&#8221;{}&#8221; custom_padding__hover=&#8221;|||&#8221;][et_pb_team_member name=&#8221;sport &#038; technische assistente&#8221; position=&#8221;Mevr. Jessica Boucher&#8221; image_url=&#8221;https:\/\/golfbelgium.be\/wp-content\/uploads\/2025\/04\/jessica-boucher.jpg&#8221; _builder_version=&#8221;4.16&#8243; header_font=&#8221;Source Sans Pro|700||on|||||&#8221; header_text_align=&#8221;left&#8221; header_text_color=&#8221;#BC2020&#8243; body_font=&#8221;Source Sans Pro||||||||&#8221; body_text_align=&#8221;left&#8221; body_text_color=&#8221;#727272&#8243; body_font_size=&#8221;16&#8243; text_orientation=&#8221;left&#8221; locked=&#8221;off&#8221; global_colors_info=&#8221;{}&#8221;]<\/p>\n<p><a title=\"Mail Fran\u00e7ois Bonnelance\" href=\"mailto:j.boucher@golfbelgium.be\" target=\"_blank\" rel=\"noopener noreferrer\">j.boucher@golfbelgium.be<\/a><\/p>\n<p>[\/et_pb_team_member][\/et_pb_column][et_pb_column type=&#8221;1_4&#8243; _builder_version=&#8221;4.16&#8243; custom_padding=&#8221;|||&#8221; global_colors_info=&#8221;{}&#8221; custom_padding__hover=&#8221;|||&#8221;][\/et_pb_column][et_pb_column type=&#8221;1_4&#8243; _builder_version=&#8221;4.16&#8243; custom_padding=&#8221;|||&#8221; global_colors_info=&#8221;{}&#8221; custom_padding__hover=&#8221;|||&#8221;][\/et_pb_column][\/et_pb_row][et_pb_row _builder_version=&#8221;4.27.4&#8243; _module_preset=&#8221;default&#8221; global_colors_info=&#8221;{}&#8221;][et_pb_column type=&#8221;4_4&#8243; _builder_version=&#8221;4.27.4&#8243; _module_preset=&#8221;default&#8221; global_colors_info=&#8221;{}&#8221;][et_pb_image src=&#8221;https:\/\/golfbelgium.be\/wp-content\/uploads\/2025\/10\/team-photo-ic-men-ladies-2025-antwerp.jpg&#8221; title_text=&#8221;Team Photo &#8211; IC Men &#038; Ladies 2025 &#8211; Antwerp&#8221; admin_label=&#8221;Team Foto KBGF&#8221; _builder_version=&#8221;4.27.4&#8243; _module_preset=&#8221;default&#8221; border_radii=&#8221;on|5px|5px|5px|5px&#8221; global_colors_info=&#8221;{}&#8221;][\/et_pb_image][\/et_pb_column][\/et_pb_row][et_pb_row disabled_on=&#8221;off|off|off&#8221; _builder_version=&#8221;4.27.4&#8243; locked=&#8221;off&#8221; global_colors_info=&#8221;{}&#8221;][et_pb_column type=&#8221;4_4&#8243; _builder_version=&#8221;4.16&#8243; global_colors_info=&#8221;{}&#8221;][et_pb_accordion open_toggle_text_color=&#8221;#BC2020&#8243; closed_toggle_text_color=&#8221;#BC2020&#8243; icon_color=&#8221;#BC2020&#8243; admin_label=&#8221;Accordion&#8221; _builder_version=&#8221;4.27.4&#8243; toggle_text_color=&#8221;#BC2020&#8243; toggle_font=&#8221;Barlow|700|||||||&#8221; hover_enabled=&#8221;0&#8243; global_colors_info=&#8221;{}&#8221; sticky_enabled=&#8221;0&#8243;][et_pb_accordion_item title=&#8221;Sportcommissie&#8221; open_toggle_text_color=&#8221;#BC2020&#8243; open_toggle_background_color=&#8221;RGBA(0,0,0,0)&#8221; _builder_version=&#8221;4.27.4&#8243; global_colors_info=&#8221;{}&#8221; toggle_text_color=&#8221;#BC2020&#8243; toggle_font=&#8221;Barlow||||||||&#8221; open=&#8221;on&#8221;]<\/p>\n<p><strong>Emmanuel Rombouts (Voorzitter)<\/strong> &#8211; Bestuurder Golf Vlaanderen &amp; KBGF<\/p>\n<p><strong>Fr\u00e9d\u00e9ric Chapel<\/strong> <strong>(Co\u00f6rdinator)<\/strong> &#8211; Sport Secretaris KBGF<\/p>\n<p><strong>Fanny Cnops<\/strong> &#8211; Secretaris-generaal &amp; Belgian Team Manager KBGF<\/p>\n<p><strong>Johan Verbiest<\/strong> &#8211; Sport &amp; Technische Directeur KBGF<\/p>\n<p><strong>Karine Guerman<\/strong> &#8211; Sport &amp; Technische Directeur Golf Vlaanderen<\/p>\n<p><strong>Christophe Bielen<\/strong> &#8211; Bestuurder Golf Vlaanderen<\/p>\n<p><strong>Emilie Geury<\/strong> &#8211; Secretaris-generaal AFGolf<\/p>\n<p><strong>Fr\u00e9d\u00e9ric Theys<\/strong> &#8211; Bestuurder AFGolf &amp; KBGF<\/p>\n<p><strong>Carole Ferrer-Verbruggen<\/strong> &#8211; Bestuurder AFGolf &amp; KBGF<\/p>\n<p>[\/et_pb_accordion_item][et_pb_accordion_item title=&#8221;IT-Commissie&#8221; open_toggle_text_color=&#8221;#BC2020&#8243; open_toggle_background_color=&#8221;#F7F7F7&#8243; closed_toggle_background_color=&#8221;#F7F7F7&#8243; icon_color=&#8221;#BC2020&#8243; _builder_version=&#8221;4.27.4&#8243; global_colors_info=&#8221;{}&#8221; toggle_text_color=&#8221;#BC2020&#8243; open=&#8221;off&#8221;]<\/p>\n<p><strong>Luc Feremans (Voorzitter)<\/strong> &#8211; Vertegenwoordiger Golf Vlaanderen<\/p>\n<p><strong>Jochem Sueters (Co\u00f6rdinator)<\/strong> &#8211; Verantwoordelijke innovatie en digitalisering Golf Vlaanderen<\/p>\n<p><strong>Paul Van den Eynde<\/strong> &#8211; Voorzitter KBGF &amp; Bestuurder Golf Vlaanderen<\/p>\n<p><strong>Dirk Noens<\/strong> &#8211; Bestuurder Golf Vlaanderen<\/p>\n<p><strong>Marielle Deskeuvre<\/strong> &#8211; Co\u00f6rdinator Wedstrijden &amp; Clubondersteuning AFGolf<\/p>\n<p><strong>Nathalie Descampe<\/strong> &#8211; Voorzitster AFGolf &amp; Bestuurder KBGF<\/p>\n<p><strong>Thibault Goemans<\/strong> &#8211; Vertegenwoordiger AFGolf<\/p>\n<p><strong>ISB<\/strong> &#8211; Externe Expert<\/p>\n<p>[\/et_pb_accordion_item][et_pb_accordion_item title=&#8221;Belgian Team Commissie&#8221; _builder_version=&#8221;4.27.4&#8243; global_colors_info=&#8221;{}&#8221; open=&#8221;off&#8221;]<\/p>\n<p><strong>Fanny Cnops (Co\u00f6rdinator)<\/strong> &#8211; Secretaris-generaal &amp; Belgian Team Manager KBGF<\/p>\n<p><strong>Karine Guerman<\/strong> &#8211; Sport &amp; Technische Directeur Golf Vlaanderen<\/p>\n<p><strong>George MacKechnie<\/strong> &#8211; Head Coach Golf Vlaanderen &amp; National Coach Boys<\/p>\n<p><strong>Pierre-Alexis Roland<\/strong> &#8211; Sport &amp; Technische Directeur AFGolf<\/p>\n<p><strong>Anthony Otterstr\u00f6m<\/strong> &#8211; Coach AFGolf<\/p>\n<p><strong>Mano\u00ebl Willems <\/strong>&#8211; National Coach Girls<\/p>\n<p><strong>Aubin Van Waetermeulen <\/strong>&#8211; National Coach Men<\/p>\n<p><strong>Jonathan Davin <\/strong>&#8211; National Coach Ladies<\/p>\n<p>[\/et_pb_accordion_item][et_pb_accordion_item title=&#8221;Technische Commissie&#8221; _builder_version=&#8221;4.27.4&#8243; global_colors_info=&#8221;{}&#8221; open=&#8221;off&#8221;]<\/p>\n<p><b>Marc Herbrandt (Voorzitter) <\/b>&#8211; Vertegenwoordiger AFGolf &amp; Referee<\/p>\n<p><strong>Johan Verbiest (Co\u00f6rdinator)<\/strong> &#8211; Sport &amp; Technische Directeur KBGF<\/p>\n<p><strong>Fr\u00e9d\u00e9ric Chapel<\/strong> &#8211; Sport Secretaris KBGF<\/p>\n<p><strong>Jessica Boucher<\/strong> &#8211; Sport &amp; Technische Assistente KBGF<\/p>\n<p><strong>Eric Maes<\/strong> &#8211; Coordinator Rules Work Group<\/p>\n<p><strong>Marc Van Hove<\/strong> &#8211; Coordinator Course Rating Work Group<\/p>\n<p><strong>Danny Mariens<\/strong> &#8211; Wedstrijden &amp; IT Clubondersteuning Golf Vlaanderen<\/p>\n<p><strong>Nienke Vink <\/strong>&#8211; Bestuurder Golf Vlaanderen<\/p>\n<p><strong>Wim Lespoix<\/strong> &#8211; Vertegenwoordiger Golf Vlaanderen<\/p>\n<p><strong>Fr\u00e9d\u00e9ric Theys &#8211;<\/strong> Bestuurder AFGolf &amp; KBGF<\/p>\n<p><strong>Pierre-Alexis Rolland<\/strong> &#8211; Sport &amp; Technische Directeur AFGolf<\/p>\n<p>[\/et_pb_accordion_item][et_pb_accordion_item title=&#8221;Rules Work Group&#8221; _builder_version=&#8221;4.27.4&#8243; global_colors_info=&#8221;{}&#8221; open=&#8221;off&#8221;]<\/p>\n<p><strong>Eric Maes (Co\u00f6rdinator)<\/strong> &#8211; Referee<\/p>\n<p><strong>Johan Verbiest<\/strong> &#8211; Sport &amp; Technische Directeur KBGF<\/p>\n<p><strong>Fr\u00e9d\u00e9ric Chapel<\/strong> &#8211; Sport Secretaris KBGF<\/p>\n<p><strong>Danny Mariens<\/strong> &#8211; Wedstrijden &amp; IT Clubondersteuning Golf Vlaanderen<\/p>\n<p><strong>Ann Eeckman<\/strong> &#8211; Referee<\/p>\n<p><strong>Nicolas Douilliez<\/strong> &#8211; Referee<\/p>\n<p><strong>Jessica Boucher<\/strong> &#8211; Sport &amp; Technische Assistente KBGF<\/p>\n<p>[\/et_pb_accordion_item][et_pb_accordion_item title=&#8221;Medische werkgroep&#8221; _builder_version=&#8221;4.27.4&#8243; global_colors_info=&#8221;{}&#8221; open=&#8221;off&#8221;]<\/p>\n<p><b>Fr\u00e9d\u00e9ric Chapel (Co\u00f6rdinator) <\/b>&#8211; Sport Secretaris KBGF<\/p>\n<p><strong>Johan Verbiest<\/strong> &#8211; Sport &amp; Technische Directeur KBGF<\/p>\n<p><strong>Guido Vyncke<\/strong> &#8211; Externe Dokter Golf Vlaanderen<\/p>\n<p><strong>Benoit Maertens<\/strong> &#8211; Externe Dokter AFGolf<\/p>\n<p>[\/et_pb_accordion_item][et_pb_accordion_item title=&#8221;BT4GD werkgroep&#8221; open=&#8221;off&#8221; _builder_version=&#8221;4.27.4&#8243; _module_preset=&#8221;default&#8221; hover_enabled=&#8221;0&#8243; global_colors_info=&#8221;{}&#8221; sticky_enabled=&#8221;0&#8243;]<\/p>\n<p><strong>Fanny Cnops (Co\u00f6rdinator)<\/strong> &#8211; Secretaris-generaal &amp; Belgian Team Manager KBGF<\/p>\n<p><strong>Karine Guerman<\/strong> &#8211; Sport &amp; Technische Directeur Golf Vlaanderen<\/p>\n<p><strong>Emilie Geury<\/strong> &#8211; Secretaris-generaal AFGolf<\/p>\n<p><strong>Katrien Pauwels<\/strong> &#8211; Promotie Golf, Start to Golf &amp; G-Golf Golf Vlaanderen<\/p>\n<p><strong>Philippe Pourbaix<\/strong> &#8211; Administratief en sportief co\u00f6rdinator AFGolf<\/p>\n<p><strong>Diego Garcia<\/strong> &#8211; National Coach<\/p>\n<p><strong>Patsy Van Baarle <\/strong>&#8211; National Coach<\/p>\n<p>[\/et_pb_accordion_item][\/et_pb_accordion][\/et_pb_column][\/et_pb_row][\/et_pb_section][et_pb_section fb_built=&#8221;1&#8243; _builder_version=&#8221;4.16&#8243; use_background_color_gradient=&#8221;on&#8221; background_color_gradient_direction=&#8221;35deg&#8221; background_color_gradient_stops=&#8221;rgba(43,43,43,0.56) 0%|rgba(10,0,0,0.1) 100%&#8221; background_color_gradient_overlays_image=&#8221;on&#8221; background_color_gradient_start=&#8221;rgba(43,43,43,0.56)&#8221; background_color_gradient_end=&#8221;rgba(10,0,0,0.1)&#8221; background_image=&#8221;https:\/\/golfbelgium.be\/wp-content\/uploads\/2021\/06\/image-007.jpg&#8221; global_colors_info=&#8221;{}&#8221;][et_pb_row _builder_version=&#8221;4.16&#8243; background_size=&#8221;initial&#8221; background_position=&#8221;top_left&#8221; background_repeat=&#8221;repeat&#8221; global_colors_info=&#8221;{}&#8221;][et_pb_column type=&#8221;4_4&#8243; _builder_version=&#8221;4.16&#8243; custom_padding=&#8221;|||&#8221; global_colors_info=&#8221;{}&#8221; custom_padding__hover=&#8221;|||&#8221;][et_pb_text admin_label=&#8221;Titre centr\u00e9 + clubs crois\u00e9s BLANC&#8221; _builder_version=&#8221;4.16&#8243; text_font=&#8221;|||on|||||&#8221; header_3_font=&#8221;Playfair Display|700|||||||&#8221; header_3_text_align=&#8221;center&#8221; header_3_text_color=&#8221;#f7f7f7&#8243; global_colors_info=&#8221;{}&#8221;]<\/p>\n<h3 style=\"text-align: center\"><img decoding=\"async\" class=\"size-full wp-image-332 aligncenter\" src=\"https:\/\/golfbelgium.be\/wp-content\/uploads\/2018\/04\/club-blancs.svg\" alt=\"\" \/>Contacteer ons<\/h3>\n<p>[\/et_pb_text][et_pb_text _builder_version=&#8221;4.16&#8243; text_font=&#8221;Source Sans Pro||||||||&#8221; link_font=&#8221;Source Sans Pro|600|||||||&#8221; link_text_color=&#8221;rgba(25,111,0,0.5)&#8221; header_3_font=&#8221;Source Sans Pro|600||on|||||&#8221; header_3_text_align=&#8221;left&#8221; header_4_font=&#8221;Source Sans Pro|600||on|||||&#8221; header_4_text_color=&#8221;#2b2b2b&#8221; header_4_font_size=&#8221;16px&#8221; background_layout=&#8221;dark&#8221; custom_margin=&#8221;0px|0px|0px|0px&#8221; custom_padding=&#8221;0px|0px|0px|0px&#8221; global_colors_info=&#8221;{}&#8221;]<\/p>\n<p style=\"text-align: center\">Voor al uw vragen en\/of informatie, click hieronder<\/p>\n<p>[\/et_pb_text][et_pb_button button_url=&#8221;https:\/\/golfbelgium.be\/nl\/contact\/&#8221; button_text=&#8221;Stuur ons een bericht&#8221; button_alignment=&#8221;center&#8221; admin_label=&#8221;Bouton blanc&#8221; _builder_version=&#8221;4.16&#8243; custom_button=&#8221;on&#8221; button_text_color=&#8221;#ffffff&#8221; button_bg_color=&#8221;#BC2020&#8243; button_border_color=&#8221;#BC2020&#8243; button_border_radius=&#8221;8px&#8221; button_font=&#8221;Source Sans Pro|600||on|||||&#8221; button_use_icon=&#8221;off&#8221; custom_margin=&#8221;25px|||&#8221; custom_padding=&#8221;10px|30px|10px|30px&#8221; button_text_color_hover=&#8221;#f7f7f7&#8243; button_border_color_hover=&#8221;#2b2b2b&#8221; button_border_radius_hover=&#8221;100&#8243; button_bg_color_hover=&#8221;#2b2b2b&#8221; global_colors_info=&#8221;{}&#8221; button_text_size__hover_enabled=&#8221;off&#8221; button_text_size__hover=&#8221;null&#8221; button_one_text_size__hover_enabled=&#8221;off&#8221; button_one_text_size__hover=&#8221;null&#8221; button_two_text_size__hover_enabled=&#8221;off&#8221; button_two_text_size__hover=&#8221;null&#8221; button_text_color__hover_enabled=&#8221;on|hover&#8221; button_text_color__hover=&#8221;#BC2020&#8243; button_one_text_color__hover_enabled=&#8221;off&#8221; button_one_text_color__hover=&#8221;null&#8221; button_two_text_color__hover_enabled=&#8221;off&#8221; button_two_text_color__hover=&#8221;null&#8221; button_border_width__hover_enabled=&#8221;off&#8221; button_border_width__hover=&#8221;null&#8221; button_one_border_width__hover_enabled=&#8221;off&#8221; button_one_border_width__hover=&#8221;null&#8221; button_two_border_width__hover_enabled=&#8221;off&#8221; button_two_border_width__hover=&#8221;null&#8221; button_border_color__hover_enabled=&#8221;on&#8221; button_border_color__hover=&#8221;#BC2020&#8243; button_one_border_color__hover_enabled=&#8221;off&#8221; button_one_border_color__hover=&#8221;null&#8221; button_two_border_color__hover_enabled=&#8221;off&#8221; button_two_border_color__hover=&#8221;null&#8221; button_border_radius__hover_enabled=&#8221;on&#8221; button_border_radius__hover=&#8221;8px&#8221; button_one_border_radius__hover_enabled=&#8221;off&#8221; button_one_border_radius__hover=&#8221;null&#8221; button_two_border_radius__hover_enabled=&#8221;off&#8221; button_two_border_radius__hover=&#8221;null&#8221; button_letter_spacing__hover_enabled=&#8221;off&#8221; button_letter_spacing__hover=&#8221;null&#8221; button_one_letter_spacing__hover_enabled=&#8221;off&#8221; button_one_letter_spacing__hover=&#8221;null&#8221; button_two_letter_spacing__hover_enabled=&#8221;off&#8221; button_two_letter_spacing__hover=&#8221;null&#8221; button_bg_color__hover_enabled=&#8221;on&#8221; button_bg_color__hover=&#8221;#ffffff&#8221; button_one_bg_color__hover_enabled=&#8221;off&#8221; button_one_bg_color__hover=&#8221;null&#8221; button_two_bg_color__hover_enabled=&#8221;off&#8221; button_two_bg_color__hover=&#8221;null&#8221; button_bg_enable_color__hover=&#8221;on&#8221;][\/et_pb_button][\/et_pb_column][\/et_pb_row][\/et_pb_section]<\/p>\n","protected":false},"excerpt":{"rendered":"<p>Wie is wie?Het Bestuursorgaan van de KBGF:Royal Keerbergen Golf ClubRinkven Golf ClubGolf de Rigen\u00e9eRoyal Waterloo Golf ClubRoyal Golf Club du HainautTernesse Golf &amp; Country ClubGolf de la Bruy\u00e8reRoyal Antwerp Golf ClubHet KBGF Team:f.cnops@golfbelgium.beVerantwoordelijk voor federale wedstrijden, USGA Course Rating, Golfregels, FedDB en Handicapping j.verbiest@golfbelgium.beVerantwoordelijk voor federale wedstrijden, Interclubs &amp; Golfregels. f.chapel@golfbelgium.beVerantwoordelijk voor federatiekaarten, boekhouding. fx@golfbelgium.beVerantwoordelijk [&hellip;]<\/p>\n","protected":false},"author":11,"featured_media":34552,"parent":0,"menu_order":103,"comment_status":"closed","ping_status":"closed","template":"","meta":{"_acf_changed":false,"_seopress_robots_primary_cat":"","_seopress_titles_title":"","_seopress_titles_desc":"","_seopress_robots_index":"","_et_pb_use_builder":"on","_et_pb_old_content":"","_et_gb_content_width":"","footnotes":""},"class_list":["post-4769","page","type-page","status-publish","has-post-thumbnail","hentry"],"acf":[],"_links":{"self":[{"href":"https:\/\/golfbelgium.be\/nl\/wp-json\/wp\/v2\/pages\/4769","targetHints":{"allow":["GET"]}}],"collection":[{"href":"https:\/\/golfbelgium.be\/nl\/wp-json\/wp\/v2\/pages"}],"about":[{"href":"https:\/\/golfbelgium.be\/nl\/wp-json\/wp\/v2\/types\/page"}],"author":[{"embeddable":true,"href":"https:\/\/golfbelgium.be\/nl\/wp-json\/wp\/v2\/users\/11"}],"replies":[{"embeddable":true,"href":"https:\/\/golfbelgium.be\/nl\/wp-json\/wp\/v2\/comments?post=4769"}],"version-history":[{"count":5,"href":"https:\/\/golfbelgium.be\/nl\/wp-json\/wp\/v2\/pages\/4769\/revisions"}],"predecessor-version":[{"id":217888,"href":"https:\/\/golfbelgium.be\/nl\/wp-json\/wp\/v2\/pages\/4769\/revisions\/217888"}],"wp:featuredmedia":[{"embeddable":true,"href":"https:\/\/golfbelgium.be\/nl\/wp-json\/wp\/v2\/media\/34552"}],"wp:attachment":[{"href":"https:\/\/golfbelgium.be\/nl\/wp-json\/wp\/v2\/media?parent=4769"}],"curies":[{"name":"wp","href":"https:\/\/api.w.org\/{rel}","templated":true}]}}